{"id":1150,"date":"2011-02-12T16:33:19","date_gmt":"2011-02-12T15:33:19","guid":{"rendered":"http:\/\/www.thorstenfaas.de\/?page_id=1150"},"modified":"2011-12-07T18:09:06","modified_gmt":"2011-12-07T17:09:06","slug":"2011-2","status":"publish","type":"page","link":"https:\/\/www.thorstenfaas.de\/?page_id=1150","title":{"rendered":"2011"},"content":{"rendered":"<h4 style=\"margin-top: 30px; margin-bottom: 20px\">Beitr\u00e4ge zu Fachkonferenzen<\/h4>\n<ul>\n<li style=\"margin-top: 15px\">Thorsten Faas: The State Election 2011 in Baden-Wurttemberg in Light of the Affective Intelligence Model \u2013 Vortrag gehalten im Rahmen der Political Psychology Networking Conference in Budapest, November 2011<\/li>\n<li style=\"margin-top: 15px\">Thorsten Faas, Johannes Blumenberg: Die Vermessung der Dynamik: Eine rollierende Panelstudie im Vorfeld der baden-w\u00fcrttembergischen Landtagswahl 2011 \u2013 Vortrag gehalten im Rahmen der Jahrestagung des DVPW-Arbeitskreises \u201eWahlen und politische Einstellungen\u201c zum Thema \u201eInnovative Methoden in der Wahl- und Einstellungsforschung\u201c in Mainz, Juli 2011<\/li>\n<li style=\"margin-top: 15px\">Thorsten Faas, Johannes Blumenberg: Die Vermessung der Dynamik: Theorie und Technik des Rolling-Cross-Section-Panels der Wahlstudie Baden-W\u00fcrttemberg 2011 \u2013 Vortrag gehalten im Rahmen der gemeinsamen Tagung der DVPW-Sektion \u201eEmpirische Methoden der Politikwissenschaft\u201c und der DGS-Sektion \u201eMethoden der Empirischen Sozialforschung\u201c zum Thema \u201eOnlineforschung\u201c in Mannheim, Mai 2011<\/li>\n<li style=\"margin-top: 15px\">Thorsten Faas, Johannes Blumenberg: Stuttgart21 and the Baden-W\u00fcrttemberg state election 2011: Emotions, Attitudes, and Results \u2013 Vortrag gehalten im Rahmen der 37th Annual Conference der International Association for the Study of German Politics (IASGP) in London, Mai 2011<\/li>\n<li style=\"margin-top: 15px\">Jochen Mayerl, Thorsten Faas: The Campaign Dynamics of Response Latencies: Evidence from Two Rolling Cross-Section Surveys \u2013 Paper pr\u00e4sentiert im Rahmen der 69. Jahrestagung der Midwest Political Science Association (MPSA) in Chicago, M\u00e4rz 2011<\/li>\n<li style=\"margin-top: 15px\">Thorsten Faas, Harald Schoen: Staatshilfe f\u00fcr Opel? Eine Analyse von Framing-Effekten auf der Basis zweier Umfrageexperimente\u2013 Vortrag gehalten auf der Jahrestagung des DVPW-Arbeitskreises \u201ePolitik und Kommunikation\u201c zum Thema \u201eFraming als politischer Prozess\u201c in M\u00fcnster, Februar 2011<\/li>\n<\/ul>\n<h4 style=\"margin-top: 30px; margin-bottom: 20px\">Sonstige Vortr\u00e4ge<\/h4>\n<ul>\n<li style=\"margin-top: 15px\">Thorsten Faas: Wie viel Beteiligung wollen wir wirklich? Empirische Daten zum Demokratiever-st\u00e4ndnis in Deutschland, Vortrag gehalten im Rahmen der 12. Tage der politischen Bildung zum Thema \u201eKrise der Demokratie? Wege zu einer lebendigen B\u00fcrgergesellschaft\u201c in Landau, Oktober 2011<\/li>\n<li style=\"margin-top: 15px\">Thorsten Faas: The Role of Survey Research (and Empirical Social Research) in Planning a Campaign \u2013 Vortrag gehalten an der Hertie School of Governance, Mai 2011\n<\/li>\n<li style=\"margin-top: 15px\">Thorsten Faas: Landtagswahl 2011: Einstellungen, Emotionen, Ergebnisse \u2013 Vortrag gehalten im Rahmen des Colloquium Politicum an der Albert-Ludwigs-Universit\u00e4t in Freiburg, Mai 2011<\/li>\n<li style=\"margin-top: 15px\">Thorsten Faas, Johannes Blumenberg: Warum w\u00e4hlen freie W\u00e4hler die Freien W\u00e4hler? Die Wahrnehmung durch die Wahlberechtigten \u2013 Vortrag gehalten im Rahmen des parteienwissenschaftlichen Symposions \u201ePolitik an den Parteien vorbei \u2013 Freie W\u00e4hler und kommunale W\u00e4hlervereinigungen als Alternative\u201c des Instituts f\u00fcr deutsches und internationales Parteienrecht und Parteienforschung in D\u00fcsseldorf, April 2011<\/li>\n<li style=\"margin-top: 15px\">Thorsten Faas: Dynamische W\u00e4hler, dynamische Wahlk\u00e4mpfe: Der Fall Baden-W\u00fcrttemberg \u2013 Vortrag gehalten im Rahmen der Veranstaltung \u201eLandtagswahlen unter Protest\u201c der Heinrich-B\u00f6ll-Stiftung in Berlin, April 2011<\/li>\n<li style=\"margin-top: 15px\">Thorsten Faas: Dynamische W\u00e4hler, dynamische Wahlk\u00e4mpfe. Latenzzeiten in einer Rolling-Cross-Section-Studie \u2013 Vortrag gehalten im Kolloquium des Instituts f\u00fcr Politikwissenschaft der Universit\u00e4t Mainz, Februar 2011<\/li>\n<li style=\"margin-top: 15px\">Thorsten Faas: Das Internet als Wahlkampfinstrument: Aber dieses Mal! Vortrag gehalten an der Deutschen Hochschule f\u00fcr Verwaltungswissenschaften in Speyer, Januar 2011<\/li>\n<\/ul>\n","protected":false},"excerpt":{"rendered":"<p>Beitr\u00e4ge zu Fachkonferenzen Thorsten Faas: The State Election 2011 in Baden-Wurttemberg in Light of the Affective Intelligence Model \u2013 Vortrag gehalten im Rahmen der Political Psychology Networking Conference in Budapest, November 2011 Thorsten Faas, Johannes Blumenberg: Die Vermessung der Dynamik: Eine rollierende Panelstudie im Vorfeld der baden-w\u00fcrttembergischen Landtagswahl 2011 \u2013 Vortrag gehalten im Rahmen der [&hellip;]<\/p>\n","protected":false},"author":2,"featured_media":0,"parent":67,"menu_order":99,"comment_status":"open","ping_status":"open","template":"","meta":{"footnotes":""},"class_list":["post-1150","page","type-page","status-publish","hentry"],"_links":{"self":[{"href":"https:\/\/www.thorstenfaas.de\/index.php?rest_route=\/wp\/v2\/pages\/1150","targetHints":{"allow":["GET"]}}],"collection":[{"href":"https:\/\/www.thorstenfaas.de\/index.php?rest_route=\/wp\/v2\/pages"}],"about":[{"href":"https:\/\/www.thorstenfaas.de\/index.php?rest_route=\/wp\/v2\/types\/page"}],"author":[{"embeddable":true,"href":"https:\/\/www.thorstenfaas.de\/index.php?rest_route=\/wp\/v2\/users\/2"}],"replies":[{"embeddable":true,"href":"https:\/\/www.thorstenfaas.de\/index.php?rest_route=%2Fwp%2Fv2%2Fcomments&post=1150"}],"version-history":[{"count":0,"href":"https:\/\/www.thorstenfaas.de\/index.php?rest_route=\/wp\/v2\/pages\/1150\/revisions"}],"up":[{"embeddable":true,"href":"https:\/\/www.thorstenfaas.de\/index.php?rest_route=\/wp\/v2\/pages\/67"}],"wp:attachment":[{"href":"https:\/\/www.thorstenfaas.de\/index.php?rest_route=%2Fwp%2Fv2%2Fmedia&parent=1150"}],"curies":[{"name":"wp","href":"https:\/\/api.w.org\/{rel}","templated":true}]}}