{"id":236,"date":"2009-03-22T22:18:19","date_gmt":"2009-03-22T21:18:19","guid":{"rendered":"http:\/\/www.thorstenfaas.de\/?page_id=236"},"modified":"2009-03-22T22:41:29","modified_gmt":"2009-03-22T21:41:29","slug":"2005","status":"publish","type":"page","link":"https:\/\/www.thorstenfaas.de\/?page_id=236","title":{"rendered":"2005"},"content":{"rendered":"<h4 style=\"margin-top: 30px; margin-bottom: 20px\">Beitr\u00e4ge zu Fachkonferenzen<\/h4>\n<ul>\n<li style=\"margin-top: 15px\">Thorsten Faas: Arbeitslose (Nicht-)W\u00e4hler: Ausma\u00df und Erkl\u00e4rungen der Wahlbeteiligung von Arbeitslosen \u2013 Paper pr\u00e4sentiert im Rahmen der Tagung \u201ePolitische Herausforderungen im Verh\u00e4ltnis von B\u00fcrgern und Politik\u201c des Arbeitskreises \u201eWahlen und politische Einstellungen\u201c der Deutschen Vereinigung f\u00fcr Politische Wissenschaft in Mannheim, Juni 2005<\/li>\n<li style=\"margin-top: 15px\">J\u00fcrgen Maier, Thorsten Faas: Debates, Media and Social Networks: How Interpersonal and Mass Communication Affected the Evaluation of the Televised Debates in the 2002 German Federal Election \u2013 Paper pr\u00e4sentiert im Rahmen der 55. Jahrestagung der International Communication Association in New York, Mai 2005<\/li>\n<li style=\"margin-top: 15px\">J\u00fcrgen Maier, Carsten Reinemann, Marcus Maurer, Thorsten Faas: Reliability and Validity of Real-Time Response Measurement \u2013 Paper pr\u00e4sentiert im Rahmen der 55. Jahrestagung der International Communication Association in New York, Mai 2005<\/li>\n<\/ul>\n<h4 style=\"margin-top: 30px; margin-bottom: 20px\">Sonstige Vortr\u00e4ge<\/h4>\n<ul>\n<li style=\"margin-top: 15px\">Thorsten Faas: Die Bundestagswahl 2005: Ergebnisse und Hintergr\u00fcnde \u2013 Vortrag gehalten im Rahmen des Seminars \u201eDer Parteienstaat\u201c der Karl-Arnold-Stiftung in K\u00f6nigswinter, Dezember 2005<\/li>\n<li style=\"margin-top: 15px\">Thorsten Faas: Wirtschaftliche Lage, Arbeitslosigkeit und Wahlverhalten \u2013 Vortrag gehalten im Rahmen des Oberseminars \u201eAusgew\u00e4hlte Probleme der Wahlsoziologie\u201c am Institut f\u00fcr Politische Wissenschaft der Universit\u00e4t Heidelberg, Juni 2005<\/li>\n<li style=\"margin-top: 15px\">Thorsten Faas: Wahlverhalten und politische Einstellungen von Jungw\u00e4hlern \u2013 Vortrag gehalten im Rahmen eines kommunalpolitisches Weiterbildungsseminar \u201eWahlverhalten und politische Einstellungen von Jungw\u00e4hlern\u201c der SGK Nordrhein-Westfalen, Februar 2005<\/li>\n<\/ul>\n","protected":false},"excerpt":{"rendered":"<p>Beitr\u00e4ge zu Fachkonferenzen Thorsten Faas: Arbeitslose (Nicht-)W\u00e4hler: Ausma\u00df und Erkl\u00e4rungen der Wahlbeteiligung von Arbeitslosen \u2013 Paper pr\u00e4sentiert im Rahmen der Tagung \u201ePolitische Herausforderungen im Verh\u00e4ltnis von B\u00fcrgern und Politik\u201c des Arbeitskreises \u201eWahlen und politische Einstellungen\u201c der Deutschen Vereinigung f\u00fcr Politische Wissenschaft in Mannheim, Juni 2005 J\u00fcrgen Maier, Thorsten Faas: Debates, Media and Social Networks: How [&hellip;]<\/p>\n","protected":false},"author":2,"featured_media":0,"parent":67,"menu_order":325,"comment_status":"open","ping_status":"open","template":"","meta":{"footnotes":""},"class_list":["post-236","page","type-page","status-publish","hentry"],"_links":{"self":[{"href":"https:\/\/www.thorstenfaas.de\/index.php?rest_route=\/wp\/v2\/pages\/236","targetHints":{"allow":["GET"]}}],"collection":[{"href":"https:\/\/www.thorstenfaas.de\/index.php?rest_route=\/wp\/v2\/pages"}],"about":[{"href":"https:\/\/www.thorstenfaas.de\/index.php?rest_route=\/wp\/v2\/types\/page"}],"author":[{"embeddable":true,"href":"https:\/\/www.thorstenfaas.de\/index.php?rest_route=\/wp\/v2\/users\/2"}],"replies":[{"embeddable":true,"href":"https:\/\/www.thorstenfaas.de\/index.php?rest_route=%2Fwp%2Fv2%2Fcomments&post=236"}],"version-history":[{"count":0,"href":"https:\/\/www.thorstenfaas.de\/index.php?rest_route=\/wp\/v2\/pages\/236\/revisions"}],"up":[{"embeddable":true,"href":"https:\/\/www.thorstenfaas.de\/index.php?rest_route=\/wp\/v2\/pages\/67"}],"wp:attachment":[{"href":"https:\/\/www.thorstenfaas.de\/index.php?rest_route=%2Fwp%2Fv2%2Fmedia&parent=236"}],"curies":[{"name":"wp","href":"https:\/\/api.w.org\/{rel}","templated":true}]}}