{"id":242,"date":"2009-03-22T22:19:19","date_gmt":"2009-03-22T21:19:19","guid":{"rendered":"http:\/\/www.thorstenfaas.de\/?page_id=242"},"modified":"2009-03-22T22:52:28","modified_gmt":"2009-03-22T21:52:28","slug":"2002","status":"publish","type":"page","link":"https:\/\/www.thorstenfaas.de\/?page_id=242","title":{"rendered":"2002"},"content":{"rendered":"<h4 style=\"margin-top: 30px; margin-bottom: 20px\">Beitr\u00e4ge zu Fachkonferenzen<\/h4>\n<ul>\n<li style=\"margin-top: 15px\">Thorsten Faas, J\u00fcrgen Maier: Einstellungen zu Gerhard Schr\u00f6der und Edmund Stoiber im Rahmen der Fernsehdebatten 2002: Erste Ergebnisse einer Real-Time-Response-Messung bei H\u00f6rern und Sehern \u2013 Paper pr\u00e4sentiert im Rahmen der 3. Jahrestagung der Fachgruppe \u201eVisuelle Kommunikation\u201c der Deutschen Gesellschaft f\u00fcr Publizistik und Kommunikationswissenschaft zum Thema \u201eVisuelle Wahlkampfkommunikation\u201c in Ilmenau, November 2002<\/li>\n<li style=\"margin-top: 15px\">Thorsten Faas: E-Mail f\u00fcr Direktkandidaten: Erfahrungen mit E-Mail-Befragungen unter Direktkandidaten bei Landtagswahlen \u2013 Vortrag gehalten im Rahmen der 5. German Online Research Konferenz in Stuttgart-Hohenheim, Oktober 2002<\/li>\n<li style=\"margin-top: 15px\">Thorsten Faas: Der Einsatz neuer Medien in der politischen Kommunikation von Landtagsabgeordneten \u2013 Paper pr\u00e4sentiert im Rahmen der Tagung \u201eDigitale Demokratie wagen \u2013 Internet ver\u00e4ndert Politik\u201c der Ad-hoc-Gruppe \u201eInternet und Politik\u201c der Deutschen Vereinigung f\u00fcr Politische Wissenschaft in Berlin, Juni 2002<\/li>\n<li style=\"margin-top: 15px\">Thorsten Faas: Why Do MEPs Defect? National, Institutional and Party Group Pressures on MEPs and their Consequences for Party Group Cohesion in the EP \u2013 Paper pr\u00e4sentiert im Rahmen der Konferenz des Research Committee of Legislative Specialists der International Political Science Association zum Thema \u201ePolitical Parties, Parliamentary Committees, Parliamentary Leadership and Governance\u201c in Istanbul, Juni 2002<\/li>\n<li style=\"margin-top: 15px\">Thorsten Faas: Europa, wie es den B\u00fcrgern gef\u00e4llt? Positionen von W\u00e4hlern, Parteien und ihren Europa-Abgeordneten im Vergleich \u2013 Paper pr\u00e4sentiert im Rahmen der Tagung \u201eEurop\u00e4ische Integration: \u00d6ffentliche Meinung, politische Einstellungen und politisches Verhalten\u201c des Arbeitskreises \u201eWahlen und politische Einstellungen\u201c der Deutschen Vereinigung f\u00fcr Politische Wissenschaft in Augsburg, Juni 2002<\/li>\n<li style=\"margin-top: 15px\">Thorsten Faas: Why Do MEPs Defect? National, Institutional and Party Group Pressures on MEPs and their Consequences for Party Group Cohesion in the EP \u2013 Paper pr\u00e4sentiert im Rahmen der ECPR Joint Sessions, Workshop \u201eA Renewal of Parliaments in Europe: MEPs\u2019 Behaviour and Action Constraints\u201c in Turin, M\u00e4rz 2002<\/li>\n<\/ul>\n<h4 style=\"margin-top: 30px; margin-bottom: 20px\">Sonstige Vortr\u00e4ge<\/h4>\n<ul>\n<li style=\"margin-top: 15px\">Thorsten Faas, J\u00fcrgen Maier: Schr\u00f6der gegen Stoiber: Eine Analyse des ersten Fernsehduells vor der Bundestagswahl 2002 \u2013 Vortrag gehalten im Rahmen der \u201eNacht der Forschung\u201c an der Otto-Friedrich-Universit\u00e4t Bamberg, November 2002<\/li>\n<li style=\"margin-top: 15px\">Thorsten Faas: Europe, As Citizens like It? Positions of Voters, Parties and MEPs compared \u2013 Vortrag gehalten an der Universit\u00e4t in Umea, Oktober 2002<\/li>\n<li style=\"margin-top: 15px\">Thorsten Faas: Germany at the Polls 2002: Results and Remarks \u2013 Vortrag gehalten an der Universit\u00e4t in Umea, Oktober 2002<\/li>\n<\/ul>\n","protected":false},"excerpt":{"rendered":"<p>Beitr\u00e4ge zu Fachkonferenzen Thorsten Faas, J\u00fcrgen Maier: Einstellungen zu Gerhard Schr\u00f6der und Edmund Stoiber im Rahmen der Fernsehdebatten 2002: Erste Ergebnisse einer Real-Time-Response-Messung bei H\u00f6rern und Sehern \u2013 Paper pr\u00e4sentiert im Rahmen der 3. Jahrestagung der Fachgruppe \u201eVisuelle Kommunikation\u201c der Deutschen Gesellschaft f\u00fcr Publizistik und Kommunikationswissenschaft zum Thema \u201eVisuelle Wahlkampfkommunikation\u201c in Ilmenau, November 2002 Thorsten [&hellip;]<\/p>\n","protected":false},"author":2,"featured_media":0,"parent":67,"menu_order":340,"comment_status":"open","ping_status":"open","template":"","meta":{"footnotes":""},"class_list":["post-242","page","type-page","status-publish","hentry"],"_links":{"self":[{"href":"https:\/\/www.thorstenfaas.de\/index.php?rest_route=\/wp\/v2\/pages\/242","targetHints":{"allow":["GET"]}}],"collection":[{"href":"https:\/\/www.thorstenfaas.de\/index.php?rest_route=\/wp\/v2\/pages"}],"about":[{"href":"https:\/\/www.thorstenfaas.de\/index.php?rest_route=\/wp\/v2\/types\/page"}],"author":[{"embeddable":true,"href":"https:\/\/www.thorstenfaas.de\/index.php?rest_route=\/wp\/v2\/users\/2"}],"replies":[{"embeddable":true,"href":"https:\/\/www.thorstenfaas.de\/index.php?rest_route=%2Fwp%2Fv2%2Fcomments&post=242"}],"version-history":[{"count":0,"href":"https:\/\/www.thorstenfaas.de\/index.php?rest_route=\/wp\/v2\/pages\/242\/revisions"}],"up":[{"embeddable":true,"href":"https:\/\/www.thorstenfaas.de\/index.php?rest_route=\/wp\/v2\/pages\/67"}],"wp:attachment":[{"href":"https:\/\/www.thorstenfaas.de\/index.php?rest_route=%2Fwp%2Fv2%2Fmedia&parent=242"}],"curies":[{"name":"wp","href":"https:\/\/api.w.org\/{rel}","templated":true}]}}