{"id":3526,"date":"2025-05-10T11:57:46","date_gmt":"2025-05-10T10:57:46","guid":{"rendered":"https:\/\/www.thorstenfaas.de\/?page_id=3526"},"modified":"2025-05-17T12:20:54","modified_gmt":"2025-05-17T11:20:54","slug":"2021-2","status":"publish","type":"page","link":"https:\/\/www.thorstenfaas.de\/?page_id=3526","title":{"rendered":"2021"},"content":{"rendered":"<div class=\"is-root-container is-desktop-preview is-layout-flow wp-block-post-content block-editor-block-list__layout\" data-is-drop-zone=\"true\">\n<h4 class=\"wp-block-heading\">Artikel in sonstigen Fachzeitschriften<\/h4>\n<ul>\n<li>Thorsten Faas, Anton K\u00f6nneke: W\u00e4hlen ab 16? Pro und Contra, in: <em>Aus Politik und Zeitgeschichte,<\/em> 71, 38-39\/2021, S. 29-35, <a href=\"https:\/\/www.bpb.de\/system\/files\/dokument_pdf\/APuZ_2021-38-39_online.pdf\">https:\/\/www.bpb.de\/system\/files\/dokument_pdf\/APuZ_2021-38-39_online.pdf<\/a>.<\/li>\n<li>Thorsten Faas, Aiko Wagner: Wahlforschung und ihre Instrumente, in: <em>B\u00fcrger &amp; Staat<\/em>, 3\/2021: S. 148-153.<\/li>\n<\/ul>\n<ul id=\"block-57654efa-9714-4814-a7ac-99f5f4a9f9f4\" class=\"block-editor-block-list__block wp-block wp-block-list block-editor-block-list__layout\" tabindex=\"0\" role=\"document\" aria-label=\"Block: Liste\" data-block=\"57654efa-9714-4814-a7ac-99f5f4a9f9f4\" data-type=\"core\/list\" data-title=\"Liste\" data-is-drop-zone=\"true\" data-draggable=\"true\"><\/ul>\n<h4 class=\"wp-block-heading\">Artikel in Sammelb\u00e4nden<\/h4>\n<ul>\n<li>Thorsten Faas, Anton K\u00f6nneke, Arndt Leininger: W\u00e4hlen mit 16, in: Hendrik Hering (Hrsg.): <em>Parlamentarische Demokratie heute und morgen: Erwartungen, Herausforderungen, Ideen<\/em>, Berlin: Wochenschau Verlag, 2021, S. 117-128.<\/li>\n<li>R\u00fcdiger Schmitt-Beck, Thorsten Faas: Wie frei und fair war die Bundestagswahl 2017? Elektorale Integrit\u00e4t aus Sicht der B\u00fcrgerinnen und B\u00fcrger, in: Bernhard We\u00dfels. Harald Schoen (Hrsg.): <em>Wahlen und W\u00e4hler: Analysen aus Anlass der Bundestagswahl 2017<\/em>, Wiesbaden: SpringerVS, 2021, S. 139-161, DOI: <a href=\"http:\/\/doi.org\/10.1007\/978-3-658-33582-3_8\">10.1007\/978-3-658-33582-3_8<\/a>.<\/li>\n<\/ul>\n<h4 class=\"block-editor-rich-text__editable rich-text\" role=\"textbox\" contenteditable=\"true\" aria-multiline=\"true\" aria-label=\"Listen-Text\" data-wp-block-attribute-key=\"content\">Sonstige Publikationen<\/h4>\n<ul>\n<li>Thorsten Faas, Mona Krewel: <em>Corona Sprechstunde mit Maybrit Illner, Anne Will &amp; Frank Plasberg: Parteilich &amp; oberfl\u00e4chlich oder ausgewogen &amp; informativ? Erste Ergebnisse einer Analyse der Qualit\u00e4t der Diskussion \u00fcber die Covid-19 Pandemie in ausgew\u00e4hlten Polit-Talkshows<\/em>, Rudolf-Augstein Stiftung, 2021, <a href=\"https:\/\/rudolf-augstein-stiftung.de\/wp-content\/uploads\/2021\/11\/studie-corona-sprechstunde-faas-rudolf-augstein-stiftung.pdf\">https:\/\/rudolf-augstein-stiftung.de\/wp-content\/uploads\/2021\/11\/studie-corona-sprechstunde-faas-rudolf-augstein-stiftung.pdf<\/a>.<\/li>\n<li>Thorsten Faas, Anton K\u00f6nneke: T<em>he rise and fall of polls? <\/em><em>Pr\u00e4senz und Pr\u00e4zision von Umfragen in volatilen Zeiten<\/em>, FES Abteilung Analyse, Planung und Beratung, Bonn: Friedrich-Ebert-Stiftung, 2021.<\/li>\n<li>Judith Simon, Frauke Kreuter, Jeanette Hofmann, Lisa Herzog, Johannes Buchmann, Elisabeth Andr\u00e9, Tobias Dienlin, Matthias B\u00e4cker, Indra Spieker, Thomas Lengauer, Andreas Breiter, Martina L\u00f6w, J\u00f6rn Lamla, Ralph Hertiwig, Michael Z\u00fcrn, Barbara Pfetsch, Reiner Anderl, Thorsten Faas, Andreas Hepp: <em>Digitalisierung und Demokratie<\/em>, Halle (Saale): Deutsche Akademie der Naturforscher Leopoldina \u2013 Nationale Akademie der Wissenschaften; acatech \u2013 Deutsche Akademie der Technikwissenschaften e.V.; Union der deutschen Akademien der Wissenschaften e.V., 2021, DOI: <a href=\"https:\/\/doi.org\/10.26164\/leopoldina_03_00348\">10.26164\/leopoldina_03_00348<\/a>.<\/li>\n<li>Paul A. Beck, Thorsten Faas, Richard Gunther, Anthony Mughan, Erik Nisbet, R\u00fcdiger Schmitt-Beck, Paolo Segatti: <em>Populism, Nativism and Vote Choices in Five Western Democracies<\/em>, MZES Working Paper 177, Mannheim, 2021.<\/li>\n<li>RAPID-COVID: <em>Mediennutzung in der Pandemie: Woher beziehen B\u00fcrger*innen ihre Informationen?<\/em> Policy Brief 4\/2021, Berlin, <a href=\"https:\/\/refubium.fu-berlin.de\/bitstream\/handle\/fub188\/31179\/RAPID-COVID_2021-06_Mediennutzung_in_der_Pandemie.pdf\">https:\/\/refubium.fu-berlin.de\/bitstream\/handle\/fub188\/31179\/RAPID-COVID_2021-06_Mediennutzung_in_der_Pandemie.pdf<\/a>.<\/li>\n<li>RAPID-COVID: <em>Pandemie und Polarisierung: (Wechselseitige) Wahrnehmungen von Bef\u00fcrworter*innen und Gegner*innen der Corona-Ma\u00dfnahmen<\/em>, Policy Brief 3\/2021, Berlin, <a href=\"https:\/\/refubium.fu-berlin.de\/bitstream\/handle\/fub188\/31000\/RAPID-COVID_2021_Pandemie_und_Polarisierung.pdf\">https:\/\/refubium.fu-berlin.de\/bitstream\/handle\/fub188\/31000\/RAPID-COVID_2021_Pandemie_und_Polarisierung.pdf<\/a>.<\/li>\n<li>RAPID-COVID: <em>Die Corona-Pandemie \u2013 eine Management-Krise? Hintergr\u00fcnde und zeitliche Entwicklung der Wahrnehmung des Krisenmanagements<\/em>, Policy Brief 2\/2021, Berlin, <a href=\"https:\/\/refubium.fu-berlin.de\/bitstream\/handle\/fub188\/30680\/RAPID-COVID_202105_Die_Corona_Pandemie_eine_Management_Krise.pdf\">https:\/\/refubium.fu-berlin.de\/bitstream\/handle\/fub188\/30680\/RAPID-COVID_2021?05_Die_Corona_Pandemie_eine_Management_Krise.pdf<\/a>.<\/li>\n<li>RAPID-COVID: <em>Wer unterst\u00fctzt die Corona-Ma\u00dfnahmen? Hintergr\u00fcnde und zeitliche Entwicklung<\/em>, Policy Brief 1\/2021, Berlin, <a href=\"https:\/\/refubium.fu-berlin.de\/bitstream\/handle\/fub188\/30587\/RAPID-COVID%20202104%20-%20PB1.pdf\">https:\/\/refubium.fu-berlin.de\/bitstream\/handle\/fub188\/30587\/RAPID-COVID%202021?04%20-%20PB1.pdf<\/a>.<\/li>\n<\/ul>\n<\/div>\n","protected":false},"excerpt":{"rendered":"<p>Artikel in sonstigen Fachzeitschriften Thorsten Faas, Anton K\u00f6nneke: W\u00e4hlen ab 16? Pro und Contra, in: Aus Politik und Zeitgeschichte, 71, 38-39\/2021, S. 29-35, https:\/\/www.bpb.de\/system\/files\/dokument_pdf\/APuZ_2021-38-39_online.pdf. Thorsten Faas, Aiko Wagner: Wahlforschung und ihre Instrumente, in: B\u00fcrger &amp; Staat, 3\/2021: S. 148-153. Artikel in Sammelb\u00e4nden Thorsten Faas, Anton K\u00f6nneke, Arndt Leininger: W\u00e4hlen mit 16, in: Hendrik Hering (Hrsg.): [&hellip;]<\/p>\n","protected":false},"author":2,"featured_media":0,"parent":63,"menu_order":0,"comment_status":"closed","ping_status":"closed","template":"","meta":{"footnotes":""},"class_list":["post-3526","page","type-page","status-publish","hentry"],"_links":{"self":[{"href":"https:\/\/www.thorstenfaas.de\/index.php?rest_route=\/wp\/v2\/pages\/3526","targetHints":{"allow":["GET"]}}],"collection":[{"href":"https:\/\/www.thorstenfaas.de\/index.php?rest_route=\/wp\/v2\/pages"}],"about":[{"href":"https:\/\/www.thorstenfaas.de\/index.php?rest_route=\/wp\/v2\/types\/page"}],"author":[{"embeddable":true,"href":"https:\/\/www.thorstenfaas.de\/index.php?rest_route=\/wp\/v2\/users\/2"}],"replies":[{"embeddable":true,"href":"https:\/\/www.thorstenfaas.de\/index.php?rest_route=%2Fwp%2Fv2%2Fcomments&post=3526"}],"version-history":[{"count":3,"href":"https:\/\/www.thorstenfaas.de\/index.php?rest_route=\/wp\/v2\/pages\/3526\/revisions"}],"predecessor-version":[{"id":3587,"href":"https:\/\/www.thorstenfaas.de\/index.php?rest_route=\/wp\/v2\/pages\/3526\/revisions\/3587"}],"up":[{"embeddable":true,"href":"https:\/\/www.thorstenfaas.de\/index.php?rest_route=\/wp\/v2\/pages\/63"}],"wp:attachment":[{"href":"https:\/\/www.thorstenfaas.de\/index.php?rest_route=%2Fwp%2Fv2%2Fmedia&parent=3526"}],"curies":[{"name":"wp","href":"https:\/\/api.w.org\/{rel}","templated":true}]}}